{"id":100,"date":"2021-03-30T11:41:37","date_gmt":"2021-03-30T09:41:37","guid":{"rendered":"http:\/\/emmausvannes.org\/?page_id=100"},"modified":"2025-02-28T15:42:28","modified_gmt":"2025-02-28T14:42:28","slug":"accueil-et-hebergement-social","status":"publish","type":"page","link":"https:\/\/emmausvannes.org\/index.php\/accueil-et-hebergement-social\/","title":{"rendered":"Accueil et h\u00e9bergement"},"content":{"rendered":"\n<div class=\"wp-block-image\"><figure class=\"aligncenter size-large\"><img loading=\"lazy\" decoding=\"async\" width=\"1024\" height=\"683\" src=\"http:\/\/emmausvannes.org\/wp-content\/uploads\/2021\/03\/DSC1340-1024x683.jpg\" alt=\"Communaut\u00e9 Emmaus du pays de Vannes, Saint Nolff\" class=\"wp-image-137\" srcset=\"https:\/\/emmausvannes.org\/wp-content\/uploads\/2021\/03\/DSC1340-1024x683.jpg 1024w, https:\/\/emmausvannes.org\/wp-content\/uploads\/2021\/03\/DSC1340-300x200.jpg 300w, https:\/\/emmausvannes.org\/wp-content\/uploads\/2021\/03\/DSC1340-768x513.jpg 768w, https:\/\/emmausvannes.org\/wp-content\/uploads\/2021\/03\/DSC1340-391x260.jpg 391w, https:\/\/emmausvannes.org\/wp-content\/uploads\/2021\/03\/DSC1340-1536x1025.jpg 1536w, https:\/\/emmausvannes.org\/wp-content\/uploads\/2021\/03\/DSC1340-2048x1367.jpg 2048w, https:\/\/emmausvannes.org\/wp-content\/uploads\/2021\/03\/DSC1340-448x300.jpg 448w\" sizes=\"auto, (max-width: 1024px) 100vw, 1024px\" \/><figcaption>  <\/figcaption><\/figure><\/div>\n\n\n\n<p>La communaut\u00e9 accueille actuellement 45 compagnes et compagnons&nbsp;et 15 enfants.&nbsp;&nbsp;<\/p>\n\n\n\n<p>Deux tout petits sont accueillis \u00e0 la cr\u00e8che&nbsp;\u00ab\u202fle p\u2019tit club\u202f\u00bb&nbsp;gr\u00e2ce \u00e0 un partenariat avec cette association, les plus grands sont scolaris\u00e9s \u00e0 l\u2019\u00e9cole publique de St Nolff ou dans des coll\u00e8ges Vannetais.&nbsp;<\/p>\n\n\n\n<p>Les communaut\u00e9s Emma\u00fcs accueillent des personnes en situation de grande pr\u00e9carit\u00e9&nbsp;depuis 1949. Les&nbsp;compagnes et compagnons b\u00e9n\u00e9ficient du statut&nbsp;OACAS, reconnaissance&nbsp;officielle depuis 2010 de&nbsp;l\u2019alternative offerte par les communaut\u00e9s dans l\u2019accueil des personnes.&nbsp;&nbsp;<\/p>\n\n\n\n<p>L\u2019accueil, le travail, la solidarit\u00e9 et l\u2019interpellation sont les&nbsp;valeurs cardinales inscrites au c\u0153ur&nbsp;du&nbsp;projet&nbsp;d\u2019une communaut\u00e9 Emma\u00fcs.&nbsp;Cette approche, en rupture avec les logiques d\u2019assistanat, permet aux personnes accueillies de reprendre la ma\u00eetrise de leur existence et de redonner un sens \u00e0 leur vie.&nbsp;&nbsp;<\/p>\n\n\n\n<p>Les compagnes et compagnons&nbsp;sont nourris et h\u00e9berg\u00e9s en chambres individuelles ou de couples et re\u00e7oivent une allocation&nbsp;hebdomadaire d\u2019appartenance, cela en \u00e9change de leur travail et du respect du r\u00e8glement communautaire.&nbsp;&nbsp;<\/p>\n","protected":false},"excerpt":{"rendered":"<p>La communaut\u00e9 accueille actuellement 45 compagnes et compagnons&nbsp;et 15 enfants.&nbsp;&nbsp; Deux tout petits sont accueillis \u00e0 la cr\u00e8che&nbsp;\u00ab\u202fle p\u2019tit club\u202f\u00bb&nbsp;gr\u00e2ce \u00e0 un partenariat avec cette&hellip;<\/p>\n","protected":false},"author":2,"featured_media":0,"parent":0,"menu_order":0,"comment_status":"closed","ping_status":"closed","template":"","meta":{"_monsterinsights_skip_tracking":false,"_monsterinsights_sitenote_active":false,"_monsterinsights_sitenote_note":"","_monsterinsights_sitenote_category":0,"footnotes":""},"class_list":["post-100","page","type-page","status-publish","hentry"],"yoast_head":"<!-- This site is optimized with the Yoast SEO plugin v26.3 - https:\/\/yoast.com\/wordpress\/plugins\/seo\/ -->\n<title>Accueil et h\u00e9bergement - Emma\u00fcs Pays de Vannes<\/title>\n<meta name=\"description\" content=\"L\u2019accueil, le travail, la solidarit\u00e9 et l\u2019interpellation sont les valeurs cardinales inscrites au c\u0153ur du projet d\u2019une communaut\u00e9 Emma\u00fcs.\" \/>\n<meta name=\"robots\" content=\"index, follow, max-snippet:-1, max-image-preview:large, max-video-preview:-1\" \/>\n<link rel=\"canonical\" href=\"https:\/\/emmausvannes.org\/index.php\/accueil-et-hebergement-social\/\" \/>\n<meta property=\"og:locale\" content=\"fr_FR\" \/>\n<meta property=\"og:type\" content=\"article\" \/>\n<meta property=\"og:title\" content=\"Accueil et h\u00e9bergement - Emma\u00fcs Pays de Vannes\" \/>\n<meta property=\"og:description\" content=\"L\u2019accueil, le travail, la solidarit\u00e9 et l\u2019interpellation sont les valeurs cardinales inscrites au c\u0153ur du projet d\u2019une communaut\u00e9 Emma\u00fcs.\" \/>\n<meta property=\"og:url\" content=\"https:\/\/emmausvannes.org\/index.php\/accueil-et-hebergement-social\/\" \/>\n<meta property=\"og:site_name\" content=\"Emma\u00fcs Pays de Vannes\" \/>\n<meta property=\"article:publisher\" content=\"https:\/\/www.facebook.com\/emmausvannes56\" \/>\n<meta property=\"article:modified_time\" content=\"2025-02-28T14:42:28+00:00\" \/>\n<meta property=\"og:image\" content=\"https:\/\/emmausvannes.org\/wp-content\/uploads\/2021\/03\/DSC1340-scaled.jpg\" \/>\n\t<meta property=\"og:image:width\" content=\"2560\" \/>\n\t<meta property=\"og:image:height\" content=\"1709\" \/>\n\t<meta property=\"og:image:type\" content=\"image\/jpeg\" \/>\n<meta name=\"twitter:card\" content=\"summary_large_image\" \/>\n<meta name=\"twitter:label1\" content=\"Dur\u00e9e de lecture estim\u00e9e\" \/>\n\t<meta name=\"twitter:data1\" content=\"2 minutes\" \/>\n<script type=\"application\/ld+json\" class=\"yoast-schema-graph\">{\"@context\":\"https:\/\/schema.org\",\"@graph\":[{\"@type\":\"WebPage\",\"@id\":\"https:\/\/emmausvannes.org\/index.php\/accueil-et-hebergement-social\/\",\"url\":\"https:\/\/emmausvannes.org\/index.php\/accueil-et-hebergement-social\/\",\"name\":\"Accueil et h\u00e9bergement - Emma\u00fcs Pays de Vannes\",\"isPartOf\":{\"@id\":\"https:\/\/emmausvannes.org\/#website\"},\"primaryImageOfPage\":{\"@id\":\"https:\/\/emmausvannes.org\/index.php\/accueil-et-hebergement-social\/#primaryimage\"},\"image\":{\"@id\":\"https:\/\/emmausvannes.org\/index.php\/accueil-et-hebergement-social\/#primaryimage\"},\"thumbnailUrl\":\"http:\/\/emmausvannes.org\/wp-content\/uploads\/2021\/03\/DSC1340-1024x683.jpg\",\"datePublished\":\"2021-03-30T09:41:37+00:00\",\"dateModified\":\"2025-02-28T14:42:28+00:00\",\"description\":\"L\u2019accueil, le travail, la solidarit\u00e9 et l\u2019interpellation sont les valeurs cardinales inscrites au c\u0153ur du projet d\u2019une communaut\u00e9 Emma\u00fcs.\",\"breadcrumb\":{\"@id\":\"https:\/\/emmausvannes.org\/index.php\/accueil-et-hebergement-social\/#breadcrumb\"},\"inLanguage\":\"fr-FR\",\"potentialAction\":[{\"@type\":\"ReadAction\",\"target\":[\"https:\/\/emmausvannes.org\/index.php\/accueil-et-hebergement-social\/\"]}]},{\"@type\":\"ImageObject\",\"inLanguage\":\"fr-FR\",\"@id\":\"https:\/\/emmausvannes.org\/index.php\/accueil-et-hebergement-social\/#primaryimage\",\"url\":\"http:\/\/emmausvannes.org\/wp-content\/uploads\/2021\/03\/DSC1340-1024x683.jpg\",\"contentUrl\":\"http:\/\/emmausvannes.org\/wp-content\/uploads\/2021\/03\/DSC1340-1024x683.jpg\"},{\"@type\":\"BreadcrumbList\",\"@id\":\"https:\/\/emmausvannes.org\/index.php\/accueil-et-hebergement-social\/#breadcrumb\",\"itemListElement\":[{\"@type\":\"ListItem\",\"position\":1,\"name\":\"Accueil\",\"item\":\"https:\/\/emmausvannes.org\/\"},{\"@type\":\"ListItem\",\"position\":2,\"name\":\"Accueil et h\u00e9bergement\"}]},{\"@type\":\"WebSite\",\"@id\":\"https:\/\/emmausvannes.org\/#website\",\"url\":\"https:\/\/emmausvannes.org\/\",\"name\":\"Emma\u00fcs Pays de Vannes\",\"description\":\"\",\"publisher\":{\"@id\":\"https:\/\/emmausvannes.org\/#organization\"},\"potentialAction\":[{\"@type\":\"SearchAction\",\"target\":{\"@type\":\"EntryPoint\",\"urlTemplate\":\"https:\/\/emmausvannes.org\/?s={search_term_string}\"},\"query-input\":{\"@type\":\"PropertyValueSpecification\",\"valueRequired\":true,\"valueName\":\"search_term_string\"}}],\"inLanguage\":\"fr-FR\"},{\"@type\":\"Organization\",\"@id\":\"https:\/\/emmausvannes.org\/#organization\",\"name\":\"Communaut\u00e9 Emma\u00fcs pays de Vannes\",\"url\":\"https:\/\/emmausvannes.org\/\",\"logo\":{\"@type\":\"ImageObject\",\"inLanguage\":\"fr-FR\",\"@id\":\"https:\/\/emmausvannes.org\/#\/schema\/logo\/image\/\",\"url\":\"https:\/\/emmausvannes.org\/wp-content\/uploads\/2021\/04\/Logo.png\",\"contentUrl\":\"https:\/\/emmausvannes.org\/wp-content\/uploads\/2021\/04\/Logo.png\",\"width\":751,\"height\":624,\"caption\":\"Communaut\u00e9 Emma\u00fcs pays de Vannes\"},\"image\":{\"@id\":\"https:\/\/emmausvannes.org\/#\/schema\/logo\/image\/\"},\"sameAs\":[\"https:\/\/www.facebook.com\/emmausvannes56\"]}]}<\/script>\n<!-- \/ Yoast SEO plugin. -->","yoast_head_json":{"title":"Accueil et h\u00e9bergement - Emma\u00fcs Pays de Vannes","description":"L\u2019accueil, le travail, la solidarit\u00e9 et l\u2019interpellation sont les valeurs cardinales inscrites au c\u0153ur du projet d\u2019une communaut\u00e9 Emma\u00fcs.","robots":{"index":"index","follow":"follow","max-snippet":"max-snippet:-1","max-image-preview":"max-image-preview:large","max-video-preview":"max-video-preview:-1"},"canonical":"https:\/\/emmausvannes.org\/index.php\/accueil-et-hebergement-social\/","og_locale":"fr_FR","og_type":"article","og_title":"Accueil et h\u00e9bergement - Emma\u00fcs Pays de Vannes","og_description":"L\u2019accueil, le travail, la solidarit\u00e9 et l\u2019interpellation sont les valeurs cardinales inscrites au c\u0153ur du projet d\u2019une communaut\u00e9 Emma\u00fcs.","og_url":"https:\/\/emmausvannes.org\/index.php\/accueil-et-hebergement-social\/","og_site_name":"Emma\u00fcs Pays de Vannes","article_publisher":"https:\/\/www.facebook.com\/emmausvannes56","article_modified_time":"2025-02-28T14:42:28+00:00","og_image":[{"width":2560,"height":1709,"url":"https:\/\/emmausvannes.org\/wp-content\/uploads\/2021\/03\/DSC1340-scaled.jpg","type":"image\/jpeg"}],"twitter_card":"summary_large_image","twitter_misc":{"Dur\u00e9e de lecture estim\u00e9e":"2 minutes"},"schema":{"@context":"https:\/\/schema.org","@graph":[{"@type":"WebPage","@id":"https:\/\/emmausvannes.org\/index.php\/accueil-et-hebergement-social\/","url":"https:\/\/emmausvannes.org\/index.php\/accueil-et-hebergement-social\/","name":"Accueil et h\u00e9bergement - Emma\u00fcs Pays de Vannes","isPartOf":{"@id":"https:\/\/emmausvannes.org\/#website"},"primaryImageOfPage":{"@id":"https:\/\/emmausvannes.org\/index.php\/accueil-et-hebergement-social\/#primaryimage"},"image":{"@id":"https:\/\/emmausvannes.org\/index.php\/accueil-et-hebergement-social\/#primaryimage"},"thumbnailUrl":"http:\/\/emmausvannes.org\/wp-content\/uploads\/2021\/03\/DSC1340-1024x683.jpg","datePublished":"2021-03-30T09:41:37+00:00","dateModified":"2025-02-28T14:42:28+00:00","description":"L\u2019accueil, le travail, la solidarit\u00e9 et l\u2019interpellation sont les valeurs cardinales inscrites au c\u0153ur du projet d\u2019une communaut\u00e9 Emma\u00fcs.","breadcrumb":{"@id":"https:\/\/emmausvannes.org\/index.php\/accueil-et-hebergement-social\/#breadcrumb"},"inLanguage":"fr-FR","potentialAction":[{"@type":"ReadAction","target":["https:\/\/emmausvannes.org\/index.php\/accueil-et-hebergement-social\/"]}]},{"@type":"ImageObject","inLanguage":"fr-FR","@id":"https:\/\/emmausvannes.org\/index.php\/accueil-et-hebergement-social\/#primaryimage","url":"http:\/\/emmausvannes.org\/wp-content\/uploads\/2021\/03\/DSC1340-1024x683.jpg","contentUrl":"http:\/\/emmausvannes.org\/wp-content\/uploads\/2021\/03\/DSC1340-1024x683.jpg"},{"@type":"BreadcrumbList","@id":"https:\/\/emmausvannes.org\/index.php\/accueil-et-hebergement-social\/#breadcrumb","itemListElement":[{"@type":"ListItem","position":1,"name":"Accueil","item":"https:\/\/emmausvannes.org\/"},{"@type":"ListItem","position":2,"name":"Accueil et h\u00e9bergement"}]},{"@type":"WebSite","@id":"https:\/\/emmausvannes.org\/#website","url":"https:\/\/emmausvannes.org\/","name":"Emma\u00fcs Pays de Vannes","description":"","publisher":{"@id":"https:\/\/emmausvannes.org\/#organization"},"potentialAction":[{"@type":"SearchAction","target":{"@type":"EntryPoint","urlTemplate":"https:\/\/emmausvannes.org\/?s={search_term_string}"},"query-input":{"@type":"PropertyValueSpecification","valueRequired":true,"valueName":"search_term_string"}}],"inLanguage":"fr-FR"},{"@type":"Organization","@id":"https:\/\/emmausvannes.org\/#organization","name":"Communaut\u00e9 Emma\u00fcs pays de Vannes","url":"https:\/\/emmausvannes.org\/","logo":{"@type":"ImageObject","inLanguage":"fr-FR","@id":"https:\/\/emmausvannes.org\/#\/schema\/logo\/image\/","url":"https:\/\/emmausvannes.org\/wp-content\/uploads\/2021\/04\/Logo.png","contentUrl":"https:\/\/emmausvannes.org\/wp-content\/uploads\/2021\/04\/Logo.png","width":751,"height":624,"caption":"Communaut\u00e9 Emma\u00fcs pays de Vannes"},"image":{"@id":"https:\/\/emmausvannes.org\/#\/schema\/logo\/image\/"},"sameAs":["https:\/\/www.facebook.com\/emmausvannes56"]}]}},"_links":{"self":[{"href":"https:\/\/emmausvannes.org\/index.php\/wp-json\/wp\/v2\/pages\/100","targetHints":{"allow":["GET"]}}],"collection":[{"href":"https:\/\/emmausvannes.org\/index.php\/wp-json\/wp\/v2\/pages"}],"about":[{"href":"https:\/\/emmausvannes.org\/index.php\/wp-json\/wp\/v2\/types\/page"}],"author":[{"embeddable":true,"href":"https:\/\/emmausvannes.org\/index.php\/wp-json\/wp\/v2\/users\/2"}],"replies":[{"embeddable":true,"href":"https:\/\/emmausvannes.org\/index.php\/wp-json\/wp\/v2\/comments?post=100"}],"version-history":[{"count":5,"href":"https:\/\/emmausvannes.org\/index.php\/wp-json\/wp\/v2\/pages\/100\/revisions"}],"predecessor-version":[{"id":1420,"href":"https:\/\/emmausvannes.org\/index.php\/wp-json\/wp\/v2\/pages\/100\/revisions\/1420"}],"wp:attachment":[{"href":"https:\/\/emmausvannes.org\/index.php\/wp-json\/wp\/v2\/media?parent=100"}],"curies":[{"name":"wp","href":"https:\/\/api.w.org\/{rel}","templated":true}]}}