{"id":67,"date":"2021-03-30T11:07:41","date_gmt":"2021-03-30T09:07:41","guid":{"rendered":"http:\/\/emmausvannes.org\/?page_id=67"},"modified":"2026-09-03T12:05:29","modified_gmt":"2026-09-03T10:05:29","slug":"acheter","status":"publish","type":"page","link":"https:\/\/emmausvannes.org\/index.php\/acheter\/","title":{"rendered":"Acheter"},"content":{"rendered":"\n<div class=\"wp-block-columns is-layout-flex wp-container-core-columns-is-layout-9d6595d7 wp-block-columns-is-layout-flex\">\n<div class=\"wp-block-column is-layout-flow wp-block-column-is-layout-flow\">\n<figure class=\"wp-block-image size-large\"><img loading=\"lazy\" decoding=\"async\" width=\"1024\" height=\"724\" src=\"https:\/\/emmausvannes.org\/wp-content\/uploads\/2026\/09\/vat10-1024x724.png\" alt=\"\" class=\"wp-image-1803\" srcset=\"https:\/\/emmausvannes.org\/wp-content\/uploads\/2026\/09\/vat10-1024x724.png 1024w, https:\/\/emmausvannes.org\/wp-content\/uploads\/2026\/09\/vat10-300x212.png 300w, https:\/\/emmausvannes.org\/wp-content\/uploads\/2026\/09\/vat10-768x543.png 768w, https:\/\/emmausvannes.org\/wp-content\/uploads\/2026\/09\/vat10-1536x1086.png 1536w, https:\/\/emmausvannes.org\/wp-content\/uploads\/2026\/09\/vat10-2048x1448.png 2048w\" sizes=\"auto, (max-width: 1024px) 100vw, 1024px\" \/><\/figure>\n<\/div>\n\n\n\n<div class=\"wp-block-column is-layout-flow wp-block-column-is-layout-flow\">\n<figure class=\"wp-block-image size-large\"><img loading=\"lazy\" decoding=\"async\" width=\"724\" height=\"1024\" src=\"https:\/\/emmausvannes.org\/wp-content\/uploads\/2026\/09\/Vente-dautomne-724x1024.png\" alt=\"\" class=\"wp-image-1802\" srcset=\"https:\/\/emmausvannes.org\/wp-content\/uploads\/2026\/09\/Vente-dautomne-724x1024.png 724w, https:\/\/emmausvannes.org\/wp-content\/uploads\/2026\/09\/Vente-dautomne-212x300.png 212w, https:\/\/emmausvannes.org\/wp-content\/uploads\/2026\/09\/Vente-dautomne-768x1087.png 768w, https:\/\/emmausvannes.org\/wp-content\/uploads\/2026\/09\/Vente-dautomne-1086x1536.png 1086w, https:\/\/emmausvannes.org\/wp-content\/uploads\/2026\/09\/Vente-dautomne-1447x2048.png 1447w, https:\/\/emmausvannes.org\/wp-content\/uploads\/2026\/09\/Vente-dautomne-scaled.png 1809w\" sizes=\"auto, (max-width: 724px) 100vw, 724px\" \/><\/figure>\n<\/div>\n<\/div>\n\n\n\n<p class=\"has-headings-color has-text-color\"><strong>Site de S\u00e9n\u00e9<\/strong> &#8211; Rue de Lorraine, 56860 S\u00e9n\u00e9<\/p>\n\n\n\n<p><strong>Horaires :<\/strong> le mercredi et samedi de <strong><mark style=\"background-color:rgba(0, 0, 0, 0);color:#e48054\" class=\"has-inline-color\">9h30 \u00e0 11h45<\/mark><\/strong> et de <mark style=\"background-color:rgba(0, 0, 0, 0);color:#ec7070\" class=\"has-inline-color\"><strong>14h \u00e0 17h15<\/strong><\/mark> le vendredi de <mark style=\"background-color:rgba(0, 0, 0, 0);color:#eb6161\" class=\"has-inline-color\"><strong>14h \u00e0 17h15<\/strong><\/mark><\/p>\n\n\n\n<figure class=\"wp-block-image size-large\"><img loading=\"lazy\" decoding=\"async\" width=\"1024\" height=\"724\" src=\"https:\/\/emmausvannes.org\/wp-content\/uploads\/2026\/09\/horaire-1024x724.png\" alt=\"\" class=\"wp-image-1805\" srcset=\"https:\/\/emmausvannes.org\/wp-content\/uploads\/2026\/09\/horaire-1024x724.png 1024w, https:\/\/emmausvannes.org\/wp-content\/uploads\/2026\/09\/horaire-300x212.png 300w, https:\/\/emmausvannes.org\/wp-content\/uploads\/2026\/09\/horaire-768x543.png 768w, https:\/\/emmausvannes.org\/wp-content\/uploads\/2026\/09\/horaire-1536x1086.png 1536w, https:\/\/emmausvannes.org\/wp-content\/uploads\/2026\/09\/horaire-2048x1448.png 2048w\" sizes=\"auto, (max-width: 1024px) 100vw, 1024px\" \/><\/figure>\n\n\n\n<p><\/p>\n\n\n\n<ul class=\"wp-block-list\">\n<li><strong>Magasin P1 au n\u00b010, rue de Lorraine : <\/strong>Meubles, vaisselle, bibelots et l&rsquo;espace vente \u00e0 th\u00e8me<\/li>\n<\/ul>\n\n\n\n<ul class=\"wp-block-list\">\n<li><strong>Magasin P2 au n\u00b05<\/strong> <strong>:<\/strong> Livres, disques, jouets, mercerie<\/li>\n<\/ul>\n\n\n\n<ul class=\"wp-block-list\">\n<li><strong>Magasin P3 au n\u00b08<\/strong> <strong>: <\/strong>V\u00eatements, chaussures, accessoires de mode, bijoux<\/li>\n<\/ul>\n\n\n\n<p class=\"has-headings-color has-text-color\"><strong>Saint-Nolff<\/strong> &#8211; Lieu-dit Le Guern, 56250 Saint-Nolff<\/p>\n\n\n\n<p class=\"has-text-align-left\">Ferm\u00e9 \u00e0 la vente.<\/p>\n\n\n\n<p>L&rsquo;outillage et le bricolage se trouvent \u00e0 S\u00e9n\u00e9 dans notre espace BRIC A BRAC.<\/p>\n\n\n\n<p><\/p>\n","protected":false},"excerpt":{"rendered":"<p>Site de S\u00e9n\u00e9 &#8211; Rue de Lorraine, 56860 S\u00e9n\u00e9 Horaires : le mercredi et samedi de 9h30 \u00e0 11h45 et de 14h \u00e0 17h15 le&hellip;<\/p>\n","protected":false},"author":2,"featured_media":0,"parent":0,"menu_order":0,"comment_status":"closed","ping_status":"closed","template":"","meta":{"_monsterinsights_skip_tracking":false,"_monsterinsights_sitenote_active":false,"_monsterinsights_sitenote_note":"","_monsterinsights_sitenote_category":0,"footnotes":""},"class_list":["post-67","page","type-page","status-publish","hentry"],"yoast_head":"<!-- This site is optimized with the Yoast SEO plugin v26.3 - https:\/\/yoast.com\/wordpress\/plugins\/seo\/ -->\n<title>Acheter - Emma\u00fcs Pays de Vannes<\/title>\n<meta name=\"description\" content=\"Vous pouvez acheter nos objets directement dans nos magasins \u00e0 S\u00e9n\u00e9 du mardi au samedi. La vente des objets de jardinage se situe \u00e0 St Nolff.\" \/>\n<meta name=\"robots\" content=\"index, follow, max-snippet:-1, max-image-preview:large, max-video-preview:-1\" \/>\n<link rel=\"canonical\" href=\"https:\/\/emmausvannes.org\/index.php\/acheter\/\" \/>\n<meta property=\"og:locale\" content=\"fr_FR\" \/>\n<meta property=\"og:type\" content=\"article\" \/>\n<meta property=\"og:title\" content=\"Acheter - Emma\u00fcs Pays de Vannes\" \/>\n<meta property=\"og:description\" content=\"Vous pouvez acheter nos objets directement dans nos magasins \u00e0 S\u00e9n\u00e9 du mardi au samedi. La vente des objets de jardinage se situe \u00e0 St Nolff.\" \/>\n<meta property=\"og:url\" content=\"https:\/\/emmausvannes.org\/index.php\/acheter\/\" \/>\n<meta property=\"og:site_name\" content=\"Emma\u00fcs Pays de Vannes\" \/>\n<meta property=\"article:publisher\" content=\"https:\/\/www.facebook.com\/emmausvannes56\" \/>\n<meta property=\"article:modified_time\" content=\"2026-09-03T10:05:29+00:00\" \/>\n<meta property=\"og:image\" content=\"https:\/\/emmausvannes.org\/wp-content\/uploads\/2026\/09\/vat10.png\" \/>\n\t<meta property=\"og:image:width\" content=\"2245\" \/>\n\t<meta property=\"og:image:height\" content=\"1587\" \/>\n\t<meta property=\"og:image:type\" content=\"image\/png\" \/>\n<meta name=\"twitter:card\" content=\"summary_large_image\" \/>\n<meta name=\"twitter:label1\" content=\"Dur\u00e9e de lecture estim\u00e9e\" \/>\n\t<meta name=\"twitter:data1\" content=\"2 minutes\" \/>\n<script type=\"application\/ld+json\" class=\"yoast-schema-graph\">{\"@context\":\"https:\/\/schema.org\",\"@graph\":[{\"@type\":\"WebPage\",\"@id\":\"https:\/\/emmausvannes.org\/index.php\/acheter\/\",\"url\":\"https:\/\/emmausvannes.org\/index.php\/acheter\/\",\"name\":\"Acheter - Emma\u00fcs Pays de Vannes\",\"isPartOf\":{\"@id\":\"https:\/\/emmausvannes.org\/#website\"},\"primaryImageOfPage\":{\"@id\":\"https:\/\/emmausvannes.org\/index.php\/acheter\/#primaryimage\"},\"image\":{\"@id\":\"https:\/\/emmausvannes.org\/index.php\/acheter\/#primaryimage\"},\"thumbnailUrl\":\"https:\/\/emmausvannes.org\/wp-content\/uploads\/2026\/09\/vat10-1024x724.png\",\"datePublished\":\"2021-03-30T09:07:41+00:00\",\"dateModified\":\"2026-09-03T10:05:29+00:00\",\"description\":\"Vous pouvez acheter nos objets directement dans nos magasins \u00e0 S\u00e9n\u00e9 du mardi au samedi. La vente des objets de jardinage se situe \u00e0 St Nolff.\",\"breadcrumb\":{\"@id\":\"https:\/\/emmausvannes.org\/index.php\/acheter\/#breadcrumb\"},\"inLanguage\":\"fr-FR\",\"potentialAction\":[{\"@type\":\"ReadAction\",\"target\":[\"https:\/\/emmausvannes.org\/index.php\/acheter\/\"]}]},{\"@type\":\"ImageObject\",\"inLanguage\":\"fr-FR\",\"@id\":\"https:\/\/emmausvannes.org\/index.php\/acheter\/#primaryimage\",\"url\":\"https:\/\/emmausvannes.org\/wp-content\/uploads\/2026\/09\/vat10.png\",\"contentUrl\":\"https:\/\/emmausvannes.org\/wp-content\/uploads\/2026\/09\/vat10.png\",\"width\":2245,\"height\":1587},{\"@type\":\"BreadcrumbList\",\"@id\":\"https:\/\/emmausvannes.org\/index.php\/acheter\/#breadcrumb\",\"itemListElement\":[{\"@type\":\"ListItem\",\"position\":1,\"name\":\"Accueil\",\"item\":\"https:\/\/emmausvannes.org\/\"},{\"@type\":\"ListItem\",\"position\":2,\"name\":\"Acheter\"}]},{\"@type\":\"WebSite\",\"@id\":\"https:\/\/emmausvannes.org\/#website\",\"url\":\"https:\/\/emmausvannes.org\/\",\"name\":\"Emma\u00fcs Pays de Vannes\",\"description\":\"\",\"publisher\":{\"@id\":\"https:\/\/emmausvannes.org\/#organization\"},\"potentialAction\":[{\"@type\":\"SearchAction\",\"target\":{\"@type\":\"EntryPoint\",\"urlTemplate\":\"https:\/\/emmausvannes.org\/?s={search_term_string}\"},\"query-input\":{\"@type\":\"PropertyValueSpecification\",\"valueRequired\":true,\"valueName\":\"search_term_string\"}}],\"inLanguage\":\"fr-FR\"},{\"@type\":\"Organization\",\"@id\":\"https:\/\/emmausvannes.org\/#organization\",\"name\":\"Communaut\u00e9 Emma\u00fcs pays de Vannes\",\"url\":\"https:\/\/emmausvannes.org\/\",\"logo\":{\"@type\":\"ImageObject\",\"inLanguage\":\"fr-FR\",\"@id\":\"https:\/\/emmausvannes.org\/#\/schema\/logo\/image\/\",\"url\":\"https:\/\/emmausvannes.org\/wp-content\/uploads\/2021\/04\/Logo.png\",\"contentUrl\":\"https:\/\/emmausvannes.org\/wp-content\/uploads\/2021\/04\/Logo.png\",\"width\":751,\"height\":624,\"caption\":\"Communaut\u00e9 Emma\u00fcs pays de Vannes\"},\"image\":{\"@id\":\"https:\/\/emmausvannes.org\/#\/schema\/logo\/image\/\"},\"sameAs\":[\"https:\/\/www.facebook.com\/emmausvannes56\"]}]}<\/script>\n<!-- \/ Yoast SEO plugin. -->","yoast_head_json":{"title":"Acheter - Emma\u00fcs Pays de Vannes","description":"Vous pouvez acheter nos objets directement dans nos magasins \u00e0 S\u00e9n\u00e9 du mardi au samedi. La vente des objets de jardinage se situe \u00e0 St Nolff.","robots":{"index":"index","follow":"follow","max-snippet":"max-snippet:-1","max-image-preview":"max-image-preview:large","max-video-preview":"max-video-preview:-1"},"canonical":"https:\/\/emmausvannes.org\/index.php\/acheter\/","og_locale":"fr_FR","og_type":"article","og_title":"Acheter - Emma\u00fcs Pays de Vannes","og_description":"Vous pouvez acheter nos objets directement dans nos magasins \u00e0 S\u00e9n\u00e9 du mardi au samedi. La vente des objets de jardinage se situe \u00e0 St Nolff.","og_url":"https:\/\/emmausvannes.org\/index.php\/acheter\/","og_site_name":"Emma\u00fcs Pays de Vannes","article_publisher":"https:\/\/www.facebook.com\/emmausvannes56","article_modified_time":"2026-09-03T10:05:29+00:00","og_image":[{"width":2245,"height":1587,"url":"https:\/\/emmausvannes.org\/wp-content\/uploads\/2026\/09\/vat10.png","type":"image\/png"}],"twitter_card":"summary_large_image","twitter_misc":{"Dur\u00e9e de lecture estim\u00e9e":"2 minutes"},"schema":{"@context":"https:\/\/schema.org","@graph":[{"@type":"WebPage","@id":"https:\/\/emmausvannes.org\/index.php\/acheter\/","url":"https:\/\/emmausvannes.org\/index.php\/acheter\/","name":"Acheter - Emma\u00fcs Pays de Vannes","isPartOf":{"@id":"https:\/\/emmausvannes.org\/#website"},"primaryImageOfPage":{"@id":"https:\/\/emmausvannes.org\/index.php\/acheter\/#primaryimage"},"image":{"@id":"https:\/\/emmausvannes.org\/index.php\/acheter\/#primaryimage"},"thumbnailUrl":"https:\/\/emmausvannes.org\/wp-content\/uploads\/2026\/09\/vat10-1024x724.png","datePublished":"2021-03-30T09:07:41+00:00","dateModified":"2026-09-03T10:05:29+00:00","description":"Vous pouvez acheter nos objets directement dans nos magasins \u00e0 S\u00e9n\u00e9 du mardi au samedi. La vente des objets de jardinage se situe \u00e0 St Nolff.","breadcrumb":{"@id":"https:\/\/emmausvannes.org\/index.php\/acheter\/#breadcrumb"},"inLanguage":"fr-FR","potentialAction":[{"@type":"ReadAction","target":["https:\/\/emmausvannes.org\/index.php\/acheter\/"]}]},{"@type":"ImageObject","inLanguage":"fr-FR","@id":"https:\/\/emmausvannes.org\/index.php\/acheter\/#primaryimage","url":"https:\/\/emmausvannes.org\/wp-content\/uploads\/2026\/09\/vat10.png","contentUrl":"https:\/\/emmausvannes.org\/wp-content\/uploads\/2026\/09\/vat10.png","width":2245,"height":1587},{"@type":"BreadcrumbList","@id":"https:\/\/emmausvannes.org\/index.php\/acheter\/#breadcrumb","itemListElement":[{"@type":"ListItem","position":1,"name":"Accueil","item":"https:\/\/emmausvannes.org\/"},{"@type":"ListItem","position":2,"name":"Acheter"}]},{"@type":"WebSite","@id":"https:\/\/emmausvannes.org\/#website","url":"https:\/\/emmausvannes.org\/","name":"Emma\u00fcs Pays de Vannes","description":"","publisher":{"@id":"https:\/\/emmausvannes.org\/#organization"},"potentialAction":[{"@type":"SearchAction","target":{"@type":"EntryPoint","urlTemplate":"https:\/\/emmausvannes.org\/?s={search_term_string}"},"query-input":{"@type":"PropertyValueSpecification","valueRequired":true,"valueName":"search_term_string"}}],"inLanguage":"fr-FR"},{"@type":"Organization","@id":"https:\/\/emmausvannes.org\/#organization","name":"Communaut\u00e9 Emma\u00fcs pays de Vannes","url":"https:\/\/emmausvannes.org\/","logo":{"@type":"ImageObject","inLanguage":"fr-FR","@id":"https:\/\/emmausvannes.org\/#\/schema\/logo\/image\/","url":"https:\/\/emmausvannes.org\/wp-content\/uploads\/2021\/04\/Logo.png","contentUrl":"https:\/\/emmausvannes.org\/wp-content\/uploads\/2021\/04\/Logo.png","width":751,"height":624,"caption":"Communaut\u00e9 Emma\u00fcs pays de Vannes"},"image":{"@id":"https:\/\/emmausvannes.org\/#\/schema\/logo\/image\/"},"sameAs":["https:\/\/www.facebook.com\/emmausvannes56"]}]}},"_links":{"self":[{"href":"https:\/\/emmausvannes.org\/index.php\/wp-json\/wp\/v2\/pages\/67","targetHints":{"allow":["GET"]}}],"collection":[{"href":"https:\/\/emmausvannes.org\/index.php\/wp-json\/wp\/v2\/pages"}],"about":[{"href":"https:\/\/emmausvannes.org\/index.php\/wp-json\/wp\/v2\/types\/page"}],"author":[{"embeddable":true,"href":"https:\/\/emmausvannes.org\/index.php\/wp-json\/wp\/v2\/users\/2"}],"replies":[{"embeddable":true,"href":"https:\/\/emmausvannes.org\/index.php\/wp-json\/wp\/v2\/comments?post=67"}],"version-history":[{"count":20,"href":"https:\/\/emmausvannes.org\/index.php\/wp-json\/wp\/v2\/pages\/67\/revisions"}],"predecessor-version":[{"id":1806,"href":"https:\/\/emmausvannes.org\/index.php\/wp-json\/wp\/v2\/pages\/67\/revisions\/1806"}],"wp:attachment":[{"href":"https:\/\/emmausvannes.org\/index.php\/wp-json\/wp\/v2\/media?parent=67"}],"curies":[{"name":"wp","href":"https:\/\/api.w.org\/{rel}","templated":true}]}}